{"id":15936,"date":"2026-05-01T15:38:32","date_gmt":"2026-05-01T18:38:32","guid":{"rendered":"https:\/\/capsantafe.online\/cssappsf\/?post_type=tribe_events&#038;p=15936"},"modified":"2026-05-01T15:38:32","modified_gmt":"2026-05-01T18:38:32","slug":"dia-de-nuestra-senora-de-lujan-2026","status":"publish","type":"tribe_events","link":"https:\/\/capsantafe.online\/cssappsf\/actividad\/dia-de-nuestra-senora-de-lujan-2026\/","title":{"rendered":"D\u00eda de Nuestra Se\u00f1ora de Luj\u00e1n"},"content":{"rendered":"<h1>8 de Mayo: D\u00eda de Nuestra Se\u00f1ora de Luj\u00e1n<\/h1>\n<p>Cada 8 de mayo, la Iglesia Cat\u00f3lica celebra el <strong>D\u00eda de Nuestra Se\u00f1ora de Luj\u00e1n<\/strong>. <strong>Es Patrona de Argentina, protectora de los transportistas y del camino<\/strong>.<\/p>\n<div class=\"article-body\">\n<p>Cuenta la tradici\u00f3n que en 1630 la imagen de la Virgen, proveniente de Paracaiba (Brasil) era llevada desde Buenos Aires hacia Sumampa, Santiago del Estero, por encargo de un viajero portugu\u00e9s. A orillas del r\u00edo Luj\u00e1n la carreta se detuvo inexplicablemente. Por ello se dice que ella eligi\u00f3 el sitio de emplazamiento de su iglesia y all\u00ed creci\u00f3 una las ciudades m\u00e1s reconocidas de nuestro pa\u00eds.<\/p>\n<\/div>\n<div class=\"article-body\">\n<p>La imagen tiene 38 cent\u00edmetros de alto. Su manto azul est\u00e1 ca\u00eddo, salpicado de estrellas blancas y la t\u00fanica es encarnada.<\/p>\n<p>Transcurridos los tiempos coloniales, un 8 de mayo de 1887 con la asistencia de altos dignatarios de la Iglesia Romana y del Cabildo Eclesi\u00e1stico Metropolitano, fue coronada Nuestra Se\u00f1ora de Luj\u00e1n por el papa Le\u00f3n XIII, deviniendo as\u00ed en una virgen muy querida para toda la feligres\u00eda argentina.<\/p>\n<p>&nbsp;<\/p>\n<p><strong>Oraci\u00f3n a Nuestra Se\u00f1ora de Luj\u00e1n<\/strong><\/p>\n<p><em>Virgen Mar\u00eda, Madre de Dios y Madre nuestra. Nuestra Se\u00f1ora de Luj\u00e1n, Patrona de nuestra Patria; hoy alzamos nuestros ojos y nuestros brazos hacia ti&#8230; Madre de la Esperanza, de los pobres y de los peregrinos, esc\u00fachanos&#8230;<\/em><\/p>\n<p><em>Hoy te pedimos por Argentina, por nuestro pueblo. Ilumina nuestra patria con el sol de justicia, con la luz de una ma\u00f1ana nueva, que es la luz de Jes\u00fas. Enciende el fuego nuevo del amor entre hermanos.<\/em><\/p>\n<p><em>Unidos estamos bajo la celeste y blanca de nuestra bandera, y los colores de tu manto, para contarte que: hoy falta el pan material en muchas, muchas casas, pero tambi\u00e9n falta el pan de la verdad y la justicia en muchas mentes. Falta el pan del amor entre hermanos y falta el pan de Jes\u00fas en los corazones.<\/em><\/p>\n<p><em>Te pedimos madre, que extingas el odio, que ahogues las ambiciones desmedidas, que arranques el ansia febril de solamente los bienes materiales y derrama sobre nuestro suelo, la semilla de la humildad, de la comprensi\u00f3n. Ahoga la mala hierba de la soberbia, que ning\u00fan Ca\u00edn pueda plantar su tienda sobre nuestro suelo, pero tampoco que ning\u00fan Abel inocente ba\u00f1e con su sangre nuestras calles.<\/em><\/p>\n<p><em>Haz madre que comprendamos que somos hermanos, nacidos bajo un mismo cielo, y bajo una misma bandera. Que sufrimos todos juntos las mismas penas y las mismas alegr\u00edas. Ilumina nuestra esperanza, alivia nuestra pobreza material y espiritual y que tomados de tu mano digamos m\u00e1s fuerte que nunca: \u00a1ARGENTINA! \u00a1ARGENTINA, CANTA Y CAMINA!<\/em><\/p>\n<\/div>\n","protected":false},"excerpt":{"rendered":"<p>8 de Mayo &#8211; D\u00eda de Nuestra Se\u00f1ora de Luj\u00e1n<\/p>\n","protected":false},"author":7,"featured_media":15938,"template":"","meta":{"_acf_changed":false,"_eb_attr":"","inline_featured_image":false,"_tribe_events_status":"","_tribe_events_status_reason":"","_tribe_events_is_hybrid":"","_tribe_events_is_virtual":"","_tribe_events_virtual_video_source":"","_tribe_events_virtual_embed_video":"","_tribe_events_virtual_linked_button_text":"","_tribe_events_virtual_linked_button":"","_tribe_events_virtual_show_embed_at":"","_tribe_events_virtual_show_embed_to":[],"_tribe_events_virtual_show_on_event":"","_tribe_events_virtual_show_on_views":"","_tribe_events_virtual_url":"","footnotes":""},"tags":[],"tribe_events_cat":[40],"class_list":["post-15936","tribe_events","type-tribe_events","status-publish","has-post-thumbnail","hentry","tribe_events_cat-dias-especiales","cat_dias-especiales"],"acf":[],"_links":{"self":[{"href":"https:\/\/capsantafe.online\/cssappsf\/wp-json\/wp\/v2\/tribe_events\/15936","targetHints":{"allow":["GET"]}}],"collection":[{"href":"https:\/\/capsantafe.online\/cssappsf\/wp-json\/wp\/v2\/tribe_events"}],"about":[{"href":"https:\/\/capsantafe.online\/cssappsf\/wp-json\/wp\/v2\/types\/tribe_events"}],"author":[{"embeddable":true,"href":"https:\/\/capsantafe.online\/cssappsf\/wp-json\/wp\/v2\/users\/7"}],"version-history":[{"count":1,"href":"https:\/\/capsantafe.online\/cssappsf\/wp-json\/wp\/v2\/tribe_events\/15936\/revisions"}],"predecessor-version":[{"id":15937,"href":"https:\/\/capsantafe.online\/cssappsf\/wp-json\/wp\/v2\/tribe_events\/15936\/revisions\/15937"}],"wp:featuredmedia":[{"embeddable":true,"href":"https:\/\/capsantafe.online\/cssappsf\/wp-json\/wp\/v2\/media\/15938"}],"wp:attachment":[{"href":"https:\/\/capsantafe.online\/cssappsf\/wp-json\/wp\/v2\/media?parent=15936"}],"wp:term":[{"taxonomy":"post_tag","embeddable":true,"href":"https:\/\/capsantafe.online\/cssappsf\/wp-json\/wp\/v2\/tags?post=15936"},{"taxonomy":"tribe_events_cat","embeddable":true,"href":"https:\/\/capsantafe.online\/cssappsf\/wp-json\/wp\/v2\/tribe_events_cat?post=15936"}],"curies":[{"name":"wp","href":"https:\/\/api.w.org\/{rel}","templated":true}]}}